{"id":24453,"date":"2018-03-20T18:07:06","date_gmt":"2018-03-20T17:07:06","guid":{"rendered":"https:\/\/bicisenruta.com\/bike-routes\/"},"modified":"2025-02-19T09:49:49","modified_gmt":"2025-02-19T08:49:49","slug":"bike-routes","status":"publish","type":"page","link":"https:\/\/bicisenruta.com\/en\/bike-routes\/","title":{"rendered":"Bike routes"},"content":{"rendered":"\t\t<div data-elementor-type=\"wp-post\" data-elementor-id=\"24453\" class=\"elementor elementor-24453 elementor-10\" data-elementor-post-type=\"page\">\n\t\t\t\t\t\t<section class=\"elementor-section elementor-top-section elementor-element elementor-element-11c8fd1a elementor-section-stretched elementor-section-full_width elementor-section-height-min-height elementor-section-content-top elementor-section-items-top elementor-section-height-default\" data-id=\"11c8fd1a\" data-element_type=\"section\" data-e-type=\"section\" data-settings=\"{&quot;stretch_section&quot;:&quot;section-stretched&quot;,&quot;background_background&quot;:&quot;classic&quot;}\">\n\t\t\t\t\t\t<div class=\"elementor-container elementor-column-gap-default\">\n\t\t\t\t\t<div class=\"elementor-column elementor-col-100 elementor-top-column elementor-element elementor-element-9d82acd\" data-id=\"9d82acd\" data-element_type=\"column\" data-e-type=\"column\">\n\t\t\t<div class=\"elementor-widget-wrap elementor-element-populated\">\n\t\t\t\t\t\t<div class=\"elementor-element elementor-element-b0970ed elementor-widget elementor-widget-heading\" data-id=\"b0970ed\" data-element_type=\"widget\" data-e-type=\"widget\" data-widget_type=\"heading.default\">\n\t\t\t\t<div class=\"elementor-widget-container\">\n\t\t\t\t\t<h1 class=\"elementor-heading-title elementor-size-default\">Live an incredible experience with our bicycle routes<\/h1>\t\t\t\t<\/div>\n\t\t\t\t<\/div>\n\t\t\t\t<div class=\"elementor-element elementor-element-778dfeb elementor-widget elementor-widget-heading\" data-id=\"778dfeb\" data-element_type=\"widget\" data-e-type=\"widget\" data-widget_type=\"heading.default\">\n\t\t\t\t<div class=\"elementor-widget-container\">\n\t\t\t\t\t<p class=\"elementor-heading-title elementor-size-medium\">Cycle routes and mountain bike routes through the most spectacular landscapes in Europe<\/p>\t\t\t\t<\/div>\n\t\t\t\t<\/div>\n\t\t\t\t<div class=\"elementor-element elementor-element-be4cc12 elementor-widget elementor-widget-heading\" data-id=\"be4cc12\" data-element_type=\"widget\" data-e-type=\"widget\" data-widget_type=\"heading.default\">\n\t\t\t\t<div class=\"elementor-widget-container\">\n\t\t\t\t\t<p class=\"elementor-heading-title elementor-size-medium\"><a href=\"https:\/\/bicisenruta.com\/en\/routes-for-cycling-clubs-and-groups\/\" target=\"_blank\">Scheduled routes and routes adapted for cycling groups and clubs<\/a><\/p>\t\t\t\t<\/div>\n\t\t\t\t<\/div>\n\t\t\t\t\t<\/div>\n\t\t<\/div>\n\t\t\t\t\t<\/div>\n\t\t<\/section>\n\t\t\t\t<section class=\"elementor-section elementor-top-section elementor-element elementor-element-45154da elementor-section-boxed elementor-section-height-default elementor-section-height-default\" data-id=\"45154da\" data-element_type=\"section\" data-e-type=\"section\">\n\t\t\t\t\t\t<div class=\"elementor-container elementor-column-gap-default\">\n\t\t\t\t\t<div class=\"elementor-column elementor-col-33 elementor-top-column elementor-element elementor-element-f3888a1\" data-id=\"f3888a1\" data-element_type=\"column\" data-e-type=\"column\">\n\t\t\t<div class=\"elementor-widget-wrap elementor-element-populated\">\n\t\t\t\t\t\t<div class=\"elementor-element elementor-element-210a135 elementor-position-top elementor-widget elementor-widget-image-box\" data-id=\"210a135\" data-element_type=\"widget\" data-e-type=\"widget\" data-widget_type=\"image-box.default\">\n\t\t\t\t<div class=\"elementor-widget-container\">\n\t\t\t\t\t<div class=\"elementor-image-box-wrapper\"><figure class=\"elementor-image-box-img\"><img decoding=\"async\" width=\"56\" height=\"56\" src=\"https:\/\/bicisenruta.com\/wp-content\/uploads\/2022\/10\/cicloturismo.png\" class=\"attachment-full size-full wp-image-21403\" alt=\"cicloturismo\" \/><\/figure><div class=\"elementor-image-box-content\"><h3 class=\"elementor-image-box-title\">Cyclotourism<\/h3><\/div><\/div>\t\t\t\t<\/div>\n\t\t\t\t<\/div>\n\t\t\t\t\t<\/div>\n\t\t<\/div>\n\t\t\t\t<div class=\"elementor-column elementor-col-33 elementor-top-column elementor-element elementor-element-8d02e95\" data-id=\"8d02e95\" data-element_type=\"column\" data-e-type=\"column\">\n\t\t\t<div class=\"elementor-widget-wrap elementor-element-populated\">\n\t\t\t\t\t\t<div class=\"elementor-element elementor-element-457a81b elementor-position-top elementor-widget elementor-widget-image-box\" data-id=\"457a81b\" data-element_type=\"widget\" data-e-type=\"widget\" data-widget_type=\"image-box.default\">\n\t\t\t\t<div class=\"elementor-widget-container\">\n\t\t\t\t\t<div class=\"elementor-image-box-wrapper\"><figure class=\"elementor-image-box-img\"><img decoding=\"async\" width=\"56\" height=\"56\" src=\"https:\/\/bicisenruta.com\/wp-content\/uploads\/2022\/10\/carretera.png\" class=\"attachment-full size-full wp-image-21402\" alt=\"carretera\" \/><\/figure><div class=\"elementor-image-box-content\"><h3 class=\"elementor-image-box-title\">Road<\/h3><\/div><\/div>\t\t\t\t<\/div>\n\t\t\t\t<\/div>\n\t\t\t\t\t<\/div>\n\t\t<\/div>\n\t\t\t\t<div class=\"elementor-column elementor-col-33 elementor-top-column elementor-element elementor-element-03c53ce\" data-id=\"03c53ce\" data-element_type=\"column\" data-e-type=\"column\">\n\t\t\t<div class=\"elementor-widget-wrap elementor-element-populated\">\n\t\t\t\t\t\t<div class=\"elementor-element elementor-element-d729588 elementor-position-top elementor-widget elementor-widget-image-box\" data-id=\"d729588\" data-element_type=\"widget\" data-e-type=\"widget\" data-widget_type=\"image-box.default\">\n\t\t\t\t<div class=\"elementor-widget-container\">\n\t\t\t\t\t<div class=\"elementor-image-box-wrapper\"><figure class=\"elementor-image-box-img\"><img decoding=\"async\" width=\"56\" height=\"56\" src=\"https:\/\/bicisenruta.com\/wp-content\/uploads\/2022\/10\/MTB.png\" class=\"attachment-full size-full wp-image-21401\" alt=\"MTB\" \/><\/figure><div class=\"elementor-image-box-content\"><h3 class=\"elementor-image-box-title\">MTB<\/h3><\/div><\/div>\t\t\t\t<\/div>\n\t\t\t\t<\/div>\n\t\t\t\t\t<\/div>\n\t\t<\/div>\n\t\t\t\t\t<\/div>\n\t\t<\/section>\n\t\t\t\t<section class=\"elementor-section elementor-top-section elementor-element elementor-element-132bd26 elementor-section-boxed elementor-section-height-default elementor-section-height-default\" data-id=\"132bd26\" data-element_type=\"section\" data-e-type=\"section\">\n\t\t\t\t\t\t<div class=\"elementor-container elementor-column-gap-default\">\n\t\t\t\t\t<div class=\"elementor-column elementor-col-100 elementor-top-column elementor-element elementor-element-6168202\" data-id=\"6168202\" data-element_type=\"column\" data-e-type=\"column\">\n\t\t\t<div class=\"elementor-widget-wrap elementor-element-populated\">\n\t\t\t\t\t\t<div class=\"elementor-element elementor-element-9f7ccc7 elementor-widget elementor-widget-html\" data-id=\"9f7ccc7\" data-element_type=\"widget\" data-e-type=\"widget\" data-widget_type=\"html.default\">\n\t\t\t\t<div class=\"elementor-widget-container\">\n\t\t\t\t\t<iframe src=\"https:\/\/www.google.com\/maps\/d\/embed?mid=1pr530O9-Yb_-Km3ONnXNg36nWajr5c4&amp;ehbc=2E312F\" width=\"100%\" height=\"600\"><\/iframe>\t\t\t\t<\/div>\n\t\t\t\t<\/div>\n\t\t\t\t\t<\/div>\n\t\t<\/div>\n\t\t\t\t\t<\/div>\n\t\t<\/section>\n\t\t\t\t<section class=\"elementor-section elementor-top-section elementor-element elementor-element-f857d0f elementor-section-boxed elementor-section-height-default elementor-section-height-default\" data-id=\"f857d0f\" data-element_type=\"section\" data-e-type=\"section\">\n\t\t\t\t\t\t<div class=\"elementor-container elementor-column-gap-default\">\n\t\t\t\t\t<div class=\"elementor-column elementor-col-100 elementor-top-column elementor-element elementor-element-31857d9\" data-id=\"31857d9\" data-element_type=\"column\" data-e-type=\"column\">\n\t\t\t<div class=\"elementor-widget-wrap elementor-element-populated\">\n\t\t\t\t\t\t<div class=\"elementor-element elementor-element-12282e4 elementor-widget elementor-widget-shortcode\" data-id=\"12282e4\" data-element_type=\"widget\" data-e-type=\"widget\" data-widget_type=\"shortcode.default\">\n\t\t\t\t<div class=\"elementor-widget-container\">\n\t\t\t\t\t\t\t<div class=\"elementor-shortcode\"><form style=\"display:none;\" autocomplete=\"off\" name=\"wpv-filter-202\" action=\"\/en\/wp-json\/wp\/v2\/pages\/24453?wpv_view_count=202\" method=\"get\" class=\"wpv-filter-form js-wpv-filter-form js-wpv-filter-form-202 js-wpv-form-full js-wpv-dps-enabled js-wpv-ajax-results-enabled\" data-viewnumber=\"202\" data-viewid=\"202\" data-viewhash=\"eyJuYW1lIjoiYnVzY2Fkb3ItcnV0YXMiLCJ2aWV3X2Rpc3BsYXkiOiJsYXlvdXQifQ==\" data-viewwidgetid=\"0\" data-orderby=\"\" data-order=\"\" data-orderbyas=\"\" data-orderbysecond=\"\" data-ordersecond=\"\" data-parametric=\"{&quot;query&quot;:&quot;normal&quot;,&quot;id&quot;:202,&quot;view_id&quot;:202,&quot;widget_id&quot;:0,&quot;view_hash&quot;:&quot;202&quot;,&quot;action&quot;:&quot;\\\/en\\\/wp-json\\\/wp\\\/v2\\\/pages\\\/24453?wpv_view_count=202&quot;,&quot;sort&quot;:{&quot;orderby&quot;:&quot;&quot;,&quot;order&quot;:&quot;&quot;,&quot;orderby_as&quot;:&quot;&quot;,&quot;orderby_second&quot;:&quot;&quot;,&quot;order_second&quot;:&quot;&quot;},&quot;orderby&quot;:&quot;&quot;,&quot;order&quot;:&quot;&quot;,&quot;orderby_as&quot;:&quot;&quot;,&quot;orderby_second&quot;:&quot;&quot;,&quot;order_second&quot;:&quot;&quot;,&quot;ajax_form&quot;:&quot;&quot;,&quot;ajax_results&quot;:&quot;&quot;,&quot;effect&quot;:&quot;fade&quot;,&quot;prebefore&quot;:&quot;&quot;,&quot;before&quot;:&quot;&quot;,&quot;after&quot;:&quot;&quot;,&quot;attributes&quot;:{&quot;view_display&quot;:&quot;layout&quot;},&quot;environment&quot;:{&quot;current_post_id&quot;:24453,&quot;parent_post_id&quot;:24453,&quot;parent_term_id&quot;:0,&quot;parent_user_id&quot;:0,&quot;archive&quot;:{&quot;type&quot;:&quot;&quot;,&quot;name&quot;:&quot;&quot;,&quot;data&quot;:[]}},&quot;loop&quot;:{&quot;type&quot;:&quot;&quot;,&quot;name&quot;:&quot;&quot;,&quot;data&quot;:[],&quot;id&quot;:0}}\" data-attributes=\"{&quot;view_display&quot;:&quot;layout&quot;}\" data-environment=\"{&quot;current_post_id&quot;:24453,&quot;parent_post_id&quot;:24453,&quot;parent_term_id&quot;:0,&quot;parent_user_id&quot;:0,&quot;archive&quot;:{&quot;type&quot;:&quot;&quot;,&quot;name&quot;:&quot;&quot;,&quot;data&quot;:[]}}\"><input type=\"hidden\" class=\"js-wpv-dps-filter-data js-wpv-filter-data-for-this-form\" data-action=\"\/en\/wp-json\/wp\/v2\/pages\/24453?wpv_view_count=202\" data-page=\"1\" data-ajax=\"enable\" data-effect=\"fade\" data-maxpages=\"0\" data-ajaxprebefore=\"\" data-ajaxbefore=\"\" data-ajaxafter=\"\" \/><input class=\"wpv_view_count wpv_view_count-202\" type=\"hidden\" name=\"wpv_view_count\" value=\"202\" \/>\n\n<div class=\"row rutas\">\n\t<div class=\"form-group col-sm-4\">\n\t\t<label><\/label>\n\t\t<select name=\"wpv-zona\" class=\"js-wpv-filter-trigger form-control\"><option selected='selected' value=\"0\">Zona<\/option><option value=\"alps\">Alps<\/option><option value=\"aragon-en\">Aragon<\/option><option value=\"brittany\">Brittany<\/option><option value=\"catalonia\">Catalonia<\/option><option value=\"europa-en\">Europa<\/option><option value=\"euskadi-en\">Euskadi<\/option><option value=\"euskal-herria-en\">Euskal Herria<\/option><option value=\"finland\">Finland<\/option><option value=\"mallorca-en\">Mallorca<\/option><option value=\"morocco\">Morocco<\/option><option value=\"pyrenees\">Pyrenees<\/option><option value=\"road-to-santiago\">Road to Santiago<\/option><\/select>\n\t<\/div>\n\t<div class=\"form-group col-sm-4\">\n\t\t<label><\/label>\n\t\t<select name=\"wpv-modalidad\" class=\"js-wpv-filter-trigger form-control\"><option selected='selected' value=\"0\">Modalidad<\/option><option value=\"cyclotourism\">Cyclotourism<\/option><option value=\"gravel-en\">Gravel<\/option><option value=\"mtb-en\">MTB<\/option><option value=\"road\">Road<\/option><\/select>\n\t<\/div>\n  \t<div class=\"form-group col-sm-4\">\n\t\t<label><\/label>\n\t\t<select name=\"wpv-categoria-ruta\" class=\"js-wpv-filter-trigger form-control\"><option selected='selected' value=\"0\">Categor\u00eda<\/option><option value=\"travel\">Travel<\/option><\/select>\n\t<\/div>\n<\/div>\n\n<\/form>\n<div id=\"wpv-view-layout-202\" class=\"js-wpv-view-layout js-wpv-layout-responsive js-wpv-view-layout-202\" data-viewnumber=\"202\" data-pagination=\"{&quot;id&quot;:202,&quot;query&quot;:&quot;normal&quot;,&quot;type&quot;:&quot;disabled&quot;,&quot;effect&quot;:&quot;fade&quot;,&quot;duration&quot;:500,&quot;speed&quot;:5,&quot;pause_on_hover&quot;:&quot;disabled&quot;,&quot;stop_rollover&quot;:&quot;false&quot;,&quot;cache_pages&quot;:&quot;enabled&quot;,&quot;preload_images&quot;:&quot;enabled&quot;,&quot;preload_pages&quot;:&quot;enabled&quot;,&quot;preload_reach&quot;:1,&quot;spinner&quot;:&quot;builtin&quot;,&quot;spinner_image&quot;:&quot;https:\/\/bicisenruta.com\/wp-content\/plugins\/wp-views\/embedded\/res\/img\/ajax-loader.gif&quot;,&quot;callback_next&quot;:&quot;&quot;,&quot;manage_history&quot;:&quot;enabled&quot;,&quot;has_controls_in_form&quot;:&quot;disabled&quot;,&quot;infinite_tolerance&quot;:&quot;0&quot;,&quot;max_pages&quot;:0,&quot;page&quot;:1,&quot;base_permalink&quot;:&quot;\/en\/wp-json\/wp\/v2\/pages\/24453?wpv_view_count=202&amp;wpv_paged=WPV_PAGE_NUM&quot;,&quot;loop&quot;:{&quot;type&quot;:&quot;&quot;,&quot;name&quot;:&quot;&quot;,&quot;data&quot;:[],&quot;id&quot;:0}}\" data-permalink=\"\/en\/wp-json\/wp\/v2\/pages\/24453?wpv_view_count=202\">\n\n    \n    \n\t\n\t\t\n\t\t<div class=\"row rutas\"> \n\t\t\t<div class=\"col-sm-6\"><div>\n<p><a href=\"https:\/\/bicisenruta.com\/en\/route\/brest-canal-by-bicycle\/\"><figure><img decoding=\"async\" src=\"https:\/\/bicisenruta.com\/wp-content\/uploads\/2021\/01\/Canal-de-Brest-hacia-Pontivy-BICIS-EN-RUTA-1170X650-550x306.jpg\" alt=\"\"><\/figure><\/a><p>\n<\/div>\n\n<div>\n  \n<p class=\"zona\">Brittany \n\/\n Europa<\/p>\n  \n<h2><a href=\"https:\/\/bicisenruta.com\/en\/route\/brest-canal-by-bicycle\/\">Brest Canal by bicycle<\/a><\/h2>\n  \n<p class=\"fecha\"><\/p>\n  \n<p class=\"fecha\"><\/p>\n  \n<p class=\"tipologia\">DURATION: <span class=\"duracion\">8 days<\/span> <span class=\"separador\">|<\/span> <a target=\"_blank\" title=\"Descargar informaci\u00f3n de niveles.\" href=\"\/wp-content\/uploads\/2018\/05\/clasificacion_esp.pdf\" rel=\"noopener\">LEVEL:  <span class=\"nivel\">\n\n<i class=\"fa fa-circle\" style=\"color: #f4b900;\" aria-hidden=\"true\"><\/i><i class=\"fa fa-circle\" aria-hidden=\"true\"><\/i><i class=\"fa fa-circle\" aria-hidden=\"true\"><\/i><i class=\"fa fa-circle\" aria-hidden=\"true\"><\/i>\n\n\n\n<\/a>  \n<\/span><br>MODALITY:  <span class=\"modalidad\">Cyclotourism<\/span><br>CATEGORY:  <span class=\"categoria-ruta\">Travel<\/span><\/p>\n\n<p class=\"resumen\">Brittany is one of the pioneering European regions in the development of cycle tourism. 9 major routes cross the region from north to south and from east to west. And every year the network is renewed with the addition of dozens of new kilometers. Our route crosses the region from east to west following a part of the Brest Canal,&#8230;<\/p>\n\n\n<p class=\"boton-informacion\"><a href=\"https:\/\/bicisenruta.com\/en\/route\/brest-canal-by-bicycle\/\">INFORMATION<\/a><\/p>\n  \n<\/div>\n<\/div>\n      \t\t\n\t\t\n\t\t\t<div class=\"col-sm-6\"><div>\n<p><a href=\"https:\/\/bicisenruta.com\/en\/route\/dolomites-2025\/\"><figure><img decoding=\"async\" src=\"https:\/\/bicisenruta.com\/wp-content\/uploads\/2025\/11\/PXL_20250718_161832694-550x413.jpg\" alt=\"\"><\/figure><\/a><p>\n<\/div>\n\n<div>\n  \n<p class=\"zona\">Alps<\/p>\n  \n<h2><a href=\"https:\/\/bicisenruta.com\/en\/route\/dolomites-2025\/\">Dolomites 2025<\/a><\/h2>\n  \n<p class=\"fecha\"><\/p>\n  \n<p class=\"fecha\"><\/p>\n  \n<p class=\"tipologia\">DURATION: <span class=\"duracion\">6 days<\/span> <span class=\"separador\">|<\/span> <a target=\"_blank\" title=\"Descargar informaci\u00f3n de niveles.\" href=\"\/wp-content\/uploads\/2018\/05\/clasificacion_esp.pdf\" rel=\"noopener\">LEVEL:  <span class=\"nivel\">\n\n\n\n\n<i class=\"fa fa-circle\" style=\"color: #f4b900;\" aria-hidden=\"true\"><\/i><i class=\"fa fa-circle\" style=\"color: #f4b900;\" aria-hidden=\"true\"><\/i><i class=\"fa fa-circle\" style=\"color: #f4b900;\" aria-hidden=\"true\"><\/i><i class=\"fa fa-circle\" style=\"color: #f4b900;\" aria-hidden=\"true\"><\/i>\n\n<\/a>  \n<\/span><br>MODALITY:  <span class=\"modalidad\">Road<\/span><br>CATEGORY:  <span class=\"categoria-ruta\">Travel<\/span><\/p>\n\n<p class=\"resumen\">4 stages through the most mythical and epic passes of the Dolomites, where many of the legends of the Giro d&#8217;Italia have been forged.<\/p>\n\n\n<p class=\"boton-informacion\"><a href=\"https:\/\/bicisenruta.com\/en\/route\/dolomites-2025\/\">INFORMATION<\/a><\/p>\n  \n<\/div>\n<\/div>\n\t\t<\/div>\n          \n\t\t\n\t\t<div class=\"row rutas\"> \n\t\t\t<div class=\"col-sm-6\"><div>\n<p><a href=\"https:\/\/bicisenruta.com\/en\/route\/ordesa-in-mtb\/\"><figure><img decoding=\"async\" src=\"https:\/\/bicisenruta.com\/wp-content\/uploads\/2020\/03\/Ordesa-MTB-Miradores3-BICIS-EN-RUTA-1170X650-550x306.jpg\" alt=\"\"><\/figure><\/a><p>\n<\/div>\n\n<div>\n  \n<p class=\"zona\">Aragon \n\/\n Pyrenees<\/p>\n  \n<h2><a href=\"https:\/\/bicisenruta.com\/en\/route\/ordesa-in-mtb\/\">Ordesa in MTB<\/a><\/h2>\n  \n<p class=\"fecha\"><\/p>\n  \n<p class=\"fecha\"><\/p>\n  \n<p class=\"tipologia\">DURATION: <span class=\"duracion\">5 days<\/span> <span class=\"separador\">|<\/span> <a target=\"_blank\" title=\"Descargar informaci\u00f3n de niveles.\" href=\"\/wp-content\/uploads\/2018\/05\/clasificacion_esp.pdf\" rel=\"noopener\">LEVEL:  <span class=\"nivel\">\n\n\n\n<i class=\"fa fa-circle\" style=\"color: #f4b900;\" aria-hidden=\"true\"><\/i><i class=\"fa fa-circle\" style=\"color: #f4b900;\" aria-hidden=\"true\"><\/i><i class=\"fa fa-circle\" style=\"color: #f4b900;\" aria-hidden=\"true\"><\/i><i class=\"fa fa-circle\" aria-hidden=\"true\"><\/i>\n\n\n<\/a>  \n<\/span><br>MODALITY:  <span class=\"modalidad\">MTB<\/span><br>CATEGORY:  <span class=\"categoria-ruta\">Travel<\/span><\/p>\n\n<p class=\"resumen\">The Ordesa MTB routes go through some of the highest places in the Pyrenees. We will reach the confines of the National Park of Ordesa and Monte Perdido. We will enter the Ordiso valley where the Ara river is born.<\/p>\n\n\n<p class=\"boton-informacion\"><a href=\"https:\/\/bicisenruta.com\/en\/route\/ordesa-in-mtb\/\">INFORMATION<\/a><\/p>\n  \n<\/div>\n<\/div>\n      \t\t\n\t\t\n\t\t\t<div class=\"col-sm-6\"><div>\n<p><a href=\"https:\/\/bicisenruta.com\/en\/route\/lonely-pyrenees\/\"><figure><img decoding=\"async\" src=\"https:\/\/bicisenruta.com\/wp-content\/uploads\/2019\/08\/Pierre-Saint-Martin-5.-PIRINEOS-SOLITARIOS.-BICIS-EN-RUTA.-1170X650-550x306.jpg\" alt=\"\"><\/figure><\/a><p>\n<\/div>\n\n<div>\n  \n<p class=\"zona\">Euskal Herria \n\/\n Pyrenees<\/p>\n  \n<h2><a href=\"https:\/\/bicisenruta.com\/en\/route\/lonely-pyrenees\/\">Lonely Pyrenees<\/a><\/h2>\n  \n<p class=\"fecha\"><\/p>\n  \n<p class=\"fecha\"><\/p>\n  \n<p class=\"tipologia\">DURATION: <span class=\"duracion\">7 days<\/span> <span class=\"separador\">|<\/span> <a target=\"_blank\" title=\"Descargar informaci\u00f3n de niveles.\" href=\"\/wp-content\/uploads\/2018\/05\/clasificacion_esp.pdf\" rel=\"noopener\">LEVEL:  <span class=\"nivel\">\n\n\n\n\n<i class=\"fa fa-circle\" style=\"color: #f4b900;\" aria-hidden=\"true\"><\/i><i class=\"fa fa-circle\" style=\"color: #f4b900;\" aria-hidden=\"true\"><\/i><i class=\"fa fa-circle\" style=\"color: #f4b900;\" aria-hidden=\"true\"><\/i><i class=\"fa fa-circle\" style=\"color: #f4b900;\" aria-hidden=\"true\"><\/i>\n\n<\/a>  \n<\/span><br>MODALITY:  <span class=\"modalidad\">Cyclotourism \n\/\n Gravel \n\/\n Road<\/span><br>CATEGORY:  <span class=\"categoria-ruta\">Travel<\/span><\/p>\n\n<p class=\"resumen\">A trip designed to travel through some of the most remote and remote areas of the Pyrenees. Searching for the most solitary and forgotten roads in the valleys of the North Basque Country and Navarre.<\/p>\n\n\n<p class=\"boton-informacion\"><a href=\"https:\/\/bicisenruta.com\/en\/route\/lonely-pyrenees\/\">INFORMATION<\/a><\/p>\n  \n<\/div>\n<\/div>\n\t\t<\/div>\n          \n\t\t\n\t\t<div class=\"row rutas\"> \n\t\t\t<div class=\"col-sm-6\"><div>\n<p><a href=\"https:\/\/bicisenruta.com\/en\/route\/mythical-mountain-passes-of-the-pyrenees-by-bicycle\/\"><figure><img decoding=\"async\" src=\"https:\/\/bicisenruta.com\/wp-content\/uploads\/2020\/02\/Col-de-Tentes-2-Bicis-en-Ruta-1170x650-1-550x306.jpg\" alt=\"\"><\/figure><\/a><p>\n<\/div>\n\n<div>\n  \n<p class=\"zona\">Pyrenees<\/p>\n  \n<h2><a href=\"https:\/\/bicisenruta.com\/en\/route\/mythical-mountain-passes-of-the-pyrenees-by-bicycle\/\">Mythical mountain passes of the Pyrenees by bicycle<\/a><\/h2>\n  \n<p class=\"fecha\">July 10-15, 2022<\/p>\n  \n<p class=\"fecha\"><\/p>\n  \n<p class=\"tipologia\">DURATION: <span class=\"duracion\">6 days<\/span> <span class=\"separador\">|<\/span> <a target=\"_blank\" title=\"Descargar informaci\u00f3n de niveles.\" href=\"\/wp-content\/uploads\/2018\/05\/clasificacion_esp.pdf\" rel=\"noopener\">LEVEL:  <span class=\"nivel\">\n\n\n\n<i class=\"fa fa-circle\" style=\"color: #f4b900;\" aria-hidden=\"true\"><\/i><i class=\"fa fa-circle\" style=\"color: #f4b900;\" aria-hidden=\"true\"><\/i><i class=\"fa fa-circle\" style=\"color: #f4b900;\" aria-hidden=\"true\"><\/i><i class=\"fa fa-circle\" aria-hidden=\"true\"><\/i>\n\n\n<\/a>  \n<\/span><br>MODALITY:  <span class=\"modalidad\">Cyclotourism<\/span><br>CATEGORY:  <span class=\"categoria-ruta\">Travel<\/span><\/p>\n\n<p class=\"resumen\">The Mythical Ports of the Pyrenees cycling route invites you to experience a legendary cyclotourism and rediscover an unknown Pyrenees. Crossing the western part of the mountain range pedaling through the mythical mountain passes of the Tour de France such as the Peyresourde, the Aspin, the Tourmalet or the Aubisque, is a dream that every cyclist wishes to make come&#8230;<\/p>\n\n\n<p class=\"boton-informacion\"><a href=\"https:\/\/bicisenruta.com\/en\/route\/mythical-mountain-passes-of-the-pyrenees-by-bicycle\/\">INFORMATION<\/a><\/p>\n  \n<\/div>\n<\/div>\n      \t\t\n\t\t\n\t\t\t<div class=\"col-sm-6\"><div>\n<p><a href=\"https:\/\/bicisenruta.com\/en\/route\/alps-haute-route-through-the-ecrins-massif\/\"><figure><img decoding=\"async\" src=\"https:\/\/bicisenruta.com\/wp-content\/uploads\/2021\/12\/Alpes-Travesia-del-macizo-des-ecrins-Galibier1170x650-550x306.jpg\" alt=\"\"><\/figure><\/a><p>\n<\/div>\n\n<div>\n  \n<p class=\"zona\">Alps<\/p>\n  \n<h2><a href=\"https:\/\/bicisenruta.com\/en\/route\/alps-haute-route-through-the-ecrins-massif\/\">Alps. Haute Route through the Ecrins massif.<\/a><\/h2>\n  \n<p class=\"fecha\"><\/p>\n  \n<p class=\"fecha\"><\/p>\n  \n<p class=\"tipologia\">DURATION: <span class=\"duracion\">6 days<\/span> <span class=\"separador\">|<\/span> <a target=\"_blank\" title=\"Descargar informaci\u00f3n de niveles.\" href=\"\/wp-content\/uploads\/2018\/05\/clasificacion_esp.pdf\" rel=\"noopener\">LEVEL:  <span class=\"nivel\">\n\n\n\n\n<i class=\"fa fa-circle\" style=\"color: #f4b900;\" aria-hidden=\"true\"><\/i><i class=\"fa fa-circle\" style=\"color: #f4b900;\" aria-hidden=\"true\"><\/i><i class=\"fa fa-circle\" style=\"color: #f4b900;\" aria-hidden=\"true\"><\/i><i class=\"fa fa-circle\" style=\"color: #f4b900;\" aria-hidden=\"true\"><\/i>\n\n<\/a>  \n<\/span><br>MODALITY:  <span class=\"modalidad\">Cyclotourism \n\/\n Road<\/span><br>CATEGORY:  <span class=\"categoria-ruta\">Travel<\/span><\/p>\n\n<p class=\"resumen\">The crossing of the Alps. Haute Route through the Massif des Ecrins, represents an exciting cycling challenge. A trip to enjoy this area that has several of the most spectacular passes through which the Tour has run in several of its editions.<\/p>\n\n\n<p class=\"boton-informacion\"><a href=\"https:\/\/bicisenruta.com\/en\/route\/alps-haute-route-through-the-ecrins-massif\/\">INFORMATION<\/a><\/p>\n  \n<\/div>\n<\/div>\n\t\t<\/div>\n          \n\t\t\n\t\t<div class=\"row rutas\"> \n\t\t\t<div class=\"col-sm-6\"><div>\n<p><a href=\"https:\/\/bicisenruta.com\/en\/route\/irati-forest-by-bicycle\/\"><figure><img decoding=\"async\" src=\"https:\/\/bicisenruta.com\/wp-content\/uploads\/2022\/10\/Irati-Abodi-3-BICIS-EN-RUTA-1170X650-550x306.jpg\" alt=\"\"><\/figure><\/a><p>\n<\/div>\n\n<div>\n  \n<p class=\"zona\">Euskal Herria<\/p>\n  \n<h2><a href=\"https:\/\/bicisenruta.com\/en\/route\/irati-forest-by-bicycle\/\">Irati Forest by bicycle<\/a><\/h2>\n  \n<p class=\"fecha\"><\/p>\n  \n<p class=\"fecha\"><\/p>\n  \n<p class=\"tipologia\">DURATION: <span class=\"duracion\">6 days<\/span> <span class=\"separador\">|<\/span> <a target=\"_blank\" title=\"Descargar informaci\u00f3n de niveles.\" href=\"\/wp-content\/uploads\/2018\/05\/clasificacion_esp.pdf\" rel=\"noopener\">LEVEL:  <span class=\"nivel\">\n\n\n\n<i class=\"fa fa-circle\" style=\"color: #f4b900;\" aria-hidden=\"true\"><\/i><i class=\"fa fa-circle\" style=\"color: #f4b900;\" aria-hidden=\"true\"><\/i><i class=\"fa fa-circle\" style=\"color: #f4b900;\" aria-hidden=\"true\"><\/i><i class=\"fa fa-circle\" aria-hidden=\"true\"><\/i>\n\n\n<\/a>  \n<\/span><br>MODALITY:  <span class=\"modalidad\">Cyclotourism \n\/\n MTB<\/span><br>CATEGORY:  <span class=\"categoria-ruta\">Travel<\/span><\/p>\n\n<p class=\"resumen\">We will cross the best preserved beech forest in Spain and the second largest in Europe. The crossing of the Irati Forest by bicycle means crossing and discovering a unique natural heritage.<\/p>\n\n\n<p class=\"boton-informacion\"><a href=\"https:\/\/bicisenruta.com\/en\/route\/irati-forest-by-bicycle\/\">INFORMATION<\/a><\/p>\n  \n<\/div>\n<\/div>\n      \t\t\n\t\t\n\t\t\t<div class=\"col-sm-6\"><div>\n<p><a href=\"https:\/\/bicisenruta.com\/en\/route\/baztan-valley\/\"><figure><img decoding=\"async\" src=\"https:\/\/bicisenruta.com\/wp-content\/uploads\/2021\/06\/Caserio-BAZTAN-BICIS-EN-RUTA-1170x650-1-550x306.jpg\" alt=\"\"><\/figure><\/a><p>\n<\/div>\n\n<div>\n  \n<p class=\"zona\">Euskadi \n\/\n Euskal Herria \n\/\n Pyrenees<\/p>\n  \n<h2><a href=\"https:\/\/bicisenruta.com\/en\/route\/baztan-valley\/\">Baztan Valley<\/a><\/h2>\n  \n<p class=\"fecha\"><\/p>\n  \n<p class=\"fecha\"><\/p>\n  \n<p class=\"tipologia\">DURATION: <span class=\"duracion\">4 days<\/span> <span class=\"separador\">|<\/span> <a target=\"_blank\" title=\"Descargar informaci\u00f3n de niveles.\" href=\"\/wp-content\/uploads\/2018\/05\/clasificacion_esp.pdf\" rel=\"noopener\">LEVEL:  <span class=\"nivel\">\n\n\n\n<i class=\"fa fa-circle\" style=\"color: #f4b900;\" aria-hidden=\"true\"><\/i><i class=\"fa fa-circle\" style=\"color: #f4b900;\" aria-hidden=\"true\"><\/i><i class=\"fa fa-circle\" style=\"color: #f4b900;\" aria-hidden=\"true\"><\/i><i class=\"fa fa-circle\" aria-hidden=\"true\"><\/i>\n\n\n<\/a>  \n<\/span><br>MODALITY:  <span class=\"modalidad\">MTB<\/span><br>CATEGORY:  <span class=\"categoria-ruta\">Travel<\/span><\/p>\n\n<p class=\"resumen\">The strategic position of the Baztan Valley and its historical vicissitudes have created a community of villages where a strong Basque culture survives, which is manifested in the language and in the presence of a well-preserved architecture of farmhouses and palaces. In our routes through the Baztan Valley we will cross the most important towns of the valley and we&#8230;<\/p>\n\n\n<p class=\"boton-informacion\"><a href=\"https:\/\/bicisenruta.com\/en\/route\/baztan-valley\/\">INFORMATION<\/a><\/p>\n  \n<\/div>\n<\/div>\n\t\t<\/div>\n          \n\t\t\n\t\t<div class=\"row rutas\"> \n\t\t\t<div class=\"col-sm-6\"><div>\n<p><a href=\"https:\/\/bicisenruta.com\/en\/route\/crossing-of-the-serra-de-tramuntana-by-bike\/\"><figure><img decoding=\"async\" src=\"https:\/\/bicisenruta.com\/wp-content\/uploads\/2019\/11\/Serra-de-Tramuntana-en-bicicleta.-Planicia.-BICIS-EN-RUTA.-1170x650-550x306.jpg\" alt=\"\"><\/figure><\/a><p>\n<\/div>\n\n<div>\n  \n<p class=\"zona\">Mallorca<\/p>\n  \n<h2><a href=\"https:\/\/bicisenruta.com\/en\/route\/crossing-of-the-serra-de-tramuntana-by-bike\/\">Crossing of the Serra de Tramuntana by bike<\/a><\/h2>\n  \n<p class=\"fecha\"><\/p>\n  \n<p class=\"fecha\"><\/p>\n  \n<p class=\"tipologia\">DURATION: <span class=\"duracion\">6 days<\/span> <span class=\"separador\">|<\/span> <a target=\"_blank\" title=\"Descargar informaci\u00f3n de niveles.\" href=\"\/wp-content\/uploads\/2018\/05\/clasificacion_esp.pdf\" rel=\"noopener\">LEVEL:  <span class=\"nivel\">\n\n\n<i class=\"fa fa-circle\" style=\"color: #f4b900;\" aria-hidden=\"true\"><\/i><i class=\"fa fa-circle\" style=\"color: #f4b900;\" aria-hidden=\"true\"><\/i><i class=\"fa fa-circle\" aria-hidden=\"true\"><\/i><i class=\"fa fa-circle\" aria-hidden=\"true\"><\/i>\n\n\n\n<\/a>  \n<\/span><br>MODALITY:  <span class=\"modalidad\">Cyclotourism<\/span><br>CATEGORY:  <span class=\"categoria-ruta\">Travel<\/span><\/p>\n\n<p class=\"resumen\">The Serra de Tramuntana is one of the best preserved areas of the Balearic Islands. An extensive territory declared a World Heritage Site thanks to the richness of a cultural landscape that occupies the entire north of the island of Mallorca. In the Traves\u00eda de la Serra de Tramuntana by bicycle we will cycle through fields and villages of great&#8230;<\/p>\n\n\n<p class=\"boton-informacion\"><a href=\"https:\/\/bicisenruta.com\/en\/route\/crossing-of-the-serra-de-tramuntana-by-bike\/\">INFORMATION<\/a><\/p>\n  \n<\/div>\n<\/div>\n      \t\t\n\t\t\n\t\t\t<div class=\"col-sm-6\"><div>\n<p><a href=\"https:\/\/bicisenruta.com\/en\/route\/roads-of-matarranya\/\"><figure><img decoding=\"async\" src=\"https:\/\/bicisenruta.com\/wp-content\/uploads\/2016\/02\/Els-Ports-10-BICIS-EN-RUTA-800X444-550x305.jpg\" alt=\"\"><\/figure><\/a><p>\n<\/div>\n\n<div>\n  \n<p class=\"zona\">Catalonia<\/p>\n  \n<h2><a href=\"https:\/\/bicisenruta.com\/en\/route\/roads-of-matarranya\/\">Roads of Matarranya<\/a><\/h2>\n  \n<p class=\"fecha\"><\/p>\n  \n<p class=\"fecha\"><\/p>\n  \n<p class=\"tipologia\">DURATION: <span class=\"duracion\">3 days<\/span> <span class=\"separador\">|<\/span> <a target=\"_blank\" title=\"Descargar informaci\u00f3n de niveles.\" href=\"\/wp-content\/uploads\/2018\/05\/clasificacion_esp.pdf\" rel=\"noopener\">LEVEL:  <span class=\"nivel\">\n\n\n<i class=\"fa fa-circle\" style=\"color: #f4b900;\" aria-hidden=\"true\"><\/i><i class=\"fa fa-circle\" style=\"color: #f4b900;\" aria-hidden=\"true\"><\/i><i class=\"fa fa-circle\" aria-hidden=\"true\"><\/i><i class=\"fa fa-circle\" aria-hidden=\"true\"><\/i>\n\n\n\n<\/a>  \n<\/span><br>MODALITY:  <span class=\"modalidad\">Cyclotourism \n\/\n MTB<\/span><br>CATEGORY:  <span class=\"categoria-ruta\">Travel<\/span><\/p>\n\n<p class=\"resumen\">The route Caminos del Matarranya by bicycle goes into this Aragonese region that has its own marked features, where the landscape is tinged with a deep Mediterranean influence that has earned it the nickname of the Spanish Tuscany. Culturally it shares language and traditions with the Catalan and Valencian communities. It takes its name from the river that runs through&#8230;<\/p>\n\n\n<p class=\"boton-informacion\"><a href=\"https:\/\/bicisenruta.com\/en\/route\/roads-of-matarranya\/\">INFORMATION<\/a><\/p>\n  \n<\/div>\n<\/div>\n\t\t<\/div>\n          \n\t\t\n\t\t<div class=\"row rutas\"> \n\t\t\t<div class=\"col-sm-6\"><div>\n<p><a href=\"https:\/\/bicisenruta.com\/en\/route\/watercolor-bicycle\/\"><figure><img decoding=\"async\" src=\"https:\/\/bicisenruta.com\/wp-content\/uploads\/2020\/02\/Bici-Acuarela-1-BICIS-EN-RUTA-550x306.jpg\" alt=\"\"><\/figure><\/a><p>\n<\/div>\n\n<div>\n  \n<p class=\"zona\">Catalonia<\/p>\n  \n<h2><a href=\"https:\/\/bicisenruta.com\/en\/route\/watercolor-bicycle\/\">Watercolor Bicycle<\/a><\/h2>\n  \n<p class=\"fecha\"><\/p>\n  \n<p class=\"fecha\"><\/p>\n  \n<p class=\"tipologia\">DURATION: <span class=\"duracion\">1 days<\/span> <span class=\"separador\">|<\/span> <a target=\"_blank\" title=\"Descargar informaci\u00f3n de niveles.\" href=\"\/wp-content\/uploads\/2018\/05\/clasificacion_esp.pdf\" rel=\"noopener\">LEVEL:  <span class=\"nivel\">\n\n<i class=\"fa fa-circle\" style=\"color: #f4b900;\" aria-hidden=\"true\"><\/i><i class=\"fa fa-circle\" aria-hidden=\"true\"><\/i><i class=\"fa fa-circle\" aria-hidden=\"true\"><\/i><i class=\"fa fa-circle\" aria-hidden=\"true\"><\/i>\n\n\n\n<\/a>  \n<\/span><br>MODALITY:  <span class=\"modalidad\">Cyclotourism<\/span><br>CATEGORY:  <span class=\"categoria-ruta\">Travel<\/span><\/p>\n\n<p class=\"resumen\">Do you want to learn how to make a travel notebook? Sign up for the Bici Acuarela de Bicis en Ruta outing and you will learn the basic techniques to get started in travel notebooks.<\/p>\n\n\n<p class=\"boton-informacion\"><a href=\"https:\/\/bicisenruta.com\/en\/route\/watercolor-bicycle\/\">INFORMATION<\/a><\/p>\n  \n<\/div>\n<\/div>\n      \t\t\n\t\t\n\t\t\t<div class=\"col-sm-6\"><div>\n<p><a href=\"https:\/\/bicisenruta.com\/en\/route\/lapland-by-bicycle\/\"><figure><img decoding=\"async\" src=\"https:\/\/bicisenruta.com\/wp-content\/uploads\/2017\/11\/IMG_0346.1-550x321.jpg\" alt=\"Laponia en bicicleta 1 | BIKING THROUGH SPAIN\"><\/figure><\/a><p>\n<\/div>\n\n<div>\n  \n<p class=\"zona\">Finland<\/p>\n  \n<h2><a href=\"https:\/\/bicisenruta.com\/en\/route\/lapland-by-bicycle\/\">Lapland by bicycle<\/a><\/h2>\n  \n<p class=\"fecha\"><\/p>\n  \n<p class=\"fecha\"><\/p>\n  \n<p class=\"tipologia\">DURATION: <span class=\"duracion\">7 days<\/span> <span class=\"separador\">|<\/span> <a target=\"_blank\" title=\"Descargar informaci\u00f3n de niveles.\" href=\"\/wp-content\/uploads\/2018\/05\/clasificacion_esp.pdf\" rel=\"noopener\">LEVEL:  <span class=\"nivel\">\n\n\n\n<i class=\"fa fa-circle\" style=\"color: #f4b900;\" aria-hidden=\"true\"><\/i><i class=\"fa fa-circle\" style=\"color: #f4b900;\" aria-hidden=\"true\"><\/i><i class=\"fa fa-circle\" style=\"color: #f4b900;\" aria-hidden=\"true\"><\/i><i class=\"fa fa-circle\" aria-hidden=\"true\"><\/i>\n\n\n<\/a>  \n<\/span><br>MODALITY:  <span class=\"modalidad\">MTB<\/span><br>CATEGORY:  <span class=\"categoria-ruta\">Travel<\/span><\/p>\n\n<p class=\"resumen\">Would you like to cross the incredible Finnish landscapes on a Fat Bike adapted to these environments? This adventure will take you through Lapland in spectacular surroundings. Lapland by bike crosses the Lappish tundra by snow bike. This will mean cycling away from civilization for three days sleeping in isolated huts with minimal equipment. We will cycle in search of&#8230;<\/p>\n\n\n<p class=\"boton-informacion\"><a href=\"https:\/\/bicisenruta.com\/en\/route\/lapland-by-bicycle\/\">INFORMATION<\/a><\/p>\n  \n<\/div>\n<\/div>\n\t\t<\/div>\n          \n\t\t\n\t\t<div class=\"row rutas\"> \n\t\t\t<div class=\"col-sm-6\"><div>\n<p><a href=\"https:\/\/bicisenruta.com\/en\/route\/pirinexus-by-bicycle-circular-route-through-the-pyrenees-and-the-emporda-region\/\"><figure><img decoding=\"async\" src=\"https:\/\/bicisenruta.com\/wp-content\/uploads\/2016\/10\/via-verde-y-baix-emporda-_-BIKING-THROUGH-SPAIN-1170x650-550x306.jpg\" alt=\"via-verde-carrilet-1-BICIS-EN-RUTA-1170x650\"><\/figure><\/a><p>\n<\/div>\n\n<div>\n  \n<p class=\"zona\">Catalonia<\/p>\n  \n<h2><a href=\"https:\/\/bicisenruta.com\/en\/route\/pirinexus-by-bicycle-circular-route-through-the-pyrenees-and-the-emporda-region\/\">Pirinexus by bicycle: circular route through the Pyrenees and the Empord\u00e0 region<\/a><\/h2>\n  \n<p class=\"fecha\"><\/p>\n  \n<p class=\"fecha\"><\/p>\n  \n<p class=\"tipologia\">DURATION: <span class=\"duracion\">5 days<\/span> <span class=\"separador\">|<\/span> <a target=\"_blank\" title=\"Descargar informaci\u00f3n de niveles.\" href=\"\/wp-content\/uploads\/2018\/05\/clasificacion_esp.pdf\" rel=\"noopener\">LEVEL:  <span class=\"nivel\">\n\n\n\n<i class=\"fa fa-circle\" style=\"color: #f4b900;\" aria-hidden=\"true\"><\/i><i class=\"fa fa-circle\" style=\"color: #f4b900;\" aria-hidden=\"true\"><\/i><i class=\"fa fa-circle\" style=\"color: #f4b900;\" aria-hidden=\"true\"><\/i><i class=\"fa fa-circle\" aria-hidden=\"true\"><\/i>\n\n\n<\/a>  \n<\/span><br>MODALITY:  <span class=\"modalidad\">Cyclotourism<\/span><br>CATEGORY:  <span class=\"categoria-ruta\">Travel<\/span><\/p>\n\n<p class=\"resumen\">Pirinexus by bike crosses the Pyrenees twice in a circular route of diverse landscapes. The variety of landscapes and rich heritage are the elements that made it a finalist for best European cycling route in 2014.<\/p>\n\n\n<p class=\"boton-informacion\"><a href=\"https:\/\/bicisenruta.com\/en\/route\/pirinexus-by-bicycle-circular-route-through-the-pyrenees-and-the-emporda-region\/\">INFORMATION<\/a><\/p>\n  \n<\/div>\n<\/div>\n      \t\t\n\t\t\n\t\t\t<div class=\"col-sm-6\"><div>\n<p><a href=\"https:\/\/bicisenruta.com\/en\/route\/route-of-the-ter-by-bicycle-from-ripoll-to-the-costa-brava\/\"><figure><img decoding=\"async\" src=\"https:\/\/bicisenruta.com\/wp-content\/uploads\/2017\/10\/Ruta-del-Ter.-Entre-Sau-i-Susqueda.-BIKING-THROUGH-SPAIN-1170-x-650-550x306.jpg\" alt=\"Ruta del Ter en bicicleta Susqueda| BIKING THROUGH SPAIN\"><\/figure><\/a><p>\n<\/div>\n\n<div>\n  \n<p class=\"zona\">Catalonia<\/p>\n  \n<h2><a href=\"https:\/\/bicisenruta.com\/en\/route\/route-of-the-ter-by-bicycle-from-ripoll-to-the-costa-brava\/\">Route of the Ter by bicycle. From Ripoll to the Costa Brava<\/a><\/h2>\n  \n<p class=\"fecha\"><\/p>\n  \n<p class=\"fecha\"><\/p>\n  \n<p class=\"tipologia\">DURATION: <span class=\"duracion\">3 days<\/span> <span class=\"separador\">|<\/span> <a target=\"_blank\" title=\"Descargar informaci\u00f3n de niveles.\" href=\"\/wp-content\/uploads\/2018\/05\/clasificacion_esp.pdf\" rel=\"noopener\">LEVEL:  <span class=\"nivel\">\n\n\n<i class=\"fa fa-circle\" style=\"color: #f4b900;\" aria-hidden=\"true\"><\/i><i class=\"fa fa-circle\" style=\"color: #f4b900;\" aria-hidden=\"true\"><\/i><i class=\"fa fa-circle\" aria-hidden=\"true\"><\/i><i class=\"fa fa-circle\" aria-hidden=\"true\"><\/i>\n\n\n\n<\/a>  \n<\/span><br>MODALITY:  <span class=\"modalidad\">Cyclotourism \n\/\n MTB<\/span><br>CATEGORY:  <span class=\"categoria-ruta\">Travel<\/span><\/p>\n\n<p class=\"resumen\">The Route of the Ter by Bike is an itinerary that with a medium effort descends along the course of the river Ter from its source in the Pyrenees to its arrival to the Mediterranean. It starts and ends in two Natural Parks: the Natural Park of Cap\u00e7aleres del Ter i del Freser and the Natural Park of Montgr\u00ed, Illes&#8230;<\/p>\n\n\n<p class=\"boton-informacion\"><a href=\"https:\/\/bicisenruta.com\/en\/route\/route-of-the-ter-by-bicycle-from-ripoll-to-the-costa-brava\/\">INFORMATION<\/a><\/p>\n  \n<\/div>\n<\/div>\n\t\t<\/div>\n          \n\t\t\n\t\t<div class=\"row rutas\"> \n\t\t\t<div class=\"col-sm-6\"><div>\n<p><a href=\"https:\/\/bicisenruta.com\/en\/route\/great-crossing-of-the-catalan-pyrenees-in-mtb\/\"><figure><img decoding=\"async\" src=\"https:\/\/bicisenruta.com\/wp-content\/uploads\/2018\/02\/Pirineo-Catalan-en-BTT-Varrados-3-BIKING-THROUGH-SPAIN-1170X650-550x306.jpg\" alt=\"Gran Traves\u00eda del Pirineo Catal\u00e1n en BTT Varrad\u00f3s 3| BIKINGTHROUGHSPAIN\"><\/figure><\/a><p>\n<\/div>\n\n<div>\n  \n<p class=\"zona\">Catalonia<\/p>\n  \n<h2><a href=\"https:\/\/bicisenruta.com\/en\/route\/great-crossing-of-the-catalan-pyrenees-in-mtb\/\">Great Crossing of the Catalan Pyrenees in MTB<\/a><\/h2>\n  \n<p class=\"fecha\"><\/p>\n  \n<p class=\"fecha\"><\/p>\n  \n<p class=\"tipologia\">DURATION: <span class=\"duracion\">8 days<\/span> <span class=\"separador\">|<\/span> <a target=\"_blank\" title=\"Descargar informaci\u00f3n de niveles.\" href=\"\/wp-content\/uploads\/2018\/05\/clasificacion_esp.pdf\" rel=\"noopener\">LEVEL:  <span class=\"nivel\">\n\n\n\n\n<i class=\"fa fa-circle\" style=\"color: #f4b900;\" aria-hidden=\"true\"><\/i><i class=\"fa fa-circle\" style=\"color: #f4b900;\" aria-hidden=\"true\"><\/i><i class=\"fa fa-circle\" style=\"color: #f4b900;\" aria-hidden=\"true\"><\/i><i class=\"fa fa-circle\" style=\"color: #f4b900;\" aria-hidden=\"true\"><\/i>\n\n<\/a>  \n<\/span><br>MODALITY:  <span class=\"modalidad\">MTB<\/span><br>CATEGORY:  <span class=\"categoria-ruta\">Travel<\/span><\/p>\n\n<p class=\"resumen\">The Gran Traves\u00eda del Pirineo Catal\u00e1n en BTT (GTPA) is a proposal aimed at lovers of the most intense MTB experiences. An attractive trip that largely follows the spectacular route designed by Jordi Laparra and Llu\u00eds Garcia in 2012, popularized in a great guide that documents the route. With 600 kilometers of route and more than 16,000 mt. of accumulated&#8230;<\/p>\n\n\n<p class=\"boton-informacion\"><a href=\"https:\/\/bicisenruta.com\/en\/route\/great-crossing-of-the-catalan-pyrenees-in-mtb\/\">INFORMATION<\/a><\/p>\n  \n<\/div>\n<\/div>\n      \t\t\n\t\t\n\t\t\t<div class=\"col-sm-6\"><div>\n<p><a href=\"https:\/\/bicisenruta.com\/en\/route\/cistercian-route-by-bicycle\/\"><figure><img decoding=\"async\" src=\"https:\/\/bicisenruta.com\/wp-content\/uploads\/2018\/05\/Ruta-del-Cister.Santes-Creus2.-BIKING-THROUGH-SPAIN.-1170X650-550x306.jpg\" alt=\"\"><\/figure><\/a><p>\n<\/div>\n\n<div>\n  \n<p class=\"zona\">Catalonia<\/p>\n  \n<h2><a href=\"https:\/\/bicisenruta.com\/en\/route\/cistercian-route-by-bicycle\/\">Cistercian Route by bicycle<\/a><\/h2>\n  \n<p class=\"fecha\"><\/p>\n  \n<p class=\"fecha\"><\/p>\n  \n<p class=\"tipologia\">DURATION: <span class=\"duracion\">3 days<\/span> <span class=\"separador\">|<\/span> <a target=\"_blank\" title=\"Descargar informaci\u00f3n de niveles.\" href=\"\/wp-content\/uploads\/2018\/05\/clasificacion_esp.pdf\" rel=\"noopener\">LEVEL:  <span class=\"nivel\">\n\n\n<i class=\"fa fa-circle\" style=\"color: #f4b900;\" aria-hidden=\"true\"><\/i><i class=\"fa fa-circle\" style=\"color: #f4b900;\" aria-hidden=\"true\"><\/i><i class=\"fa fa-circle\" aria-hidden=\"true\"><\/i><i class=\"fa fa-circle\" aria-hidden=\"true\"><\/i>\n\n\n\n<\/a>  \n<\/span><br>MODALITY:  <span class=\"modalidad\">Cyclotourism \n\/\n MTB<\/span><br>CATEGORY:  <span class=\"categoria-ruta\">Travel<\/span><\/p>\n\n<p class=\"resumen\">In Cistercian Route by bicycle we combine cycling through natural landscapes with the attraction of an itinerary that passes through three heritage monuments of great beauty: The Cistercian monasteries of Poblet, Santes Creus and Vallbona de les Monges, which are located in the three regions that link the route: Alt Camp, Conca de Barber\u00e0 and Urgell.<\/p>\n\n\n<p class=\"boton-informacion\"><a href=\"https:\/\/bicisenruta.com\/en\/route\/cistercian-route-by-bicycle\/\">INFORMATION<\/a><\/p>\n  \n<\/div>\n<\/div>\n\t\t<\/div>\n          \n\t\t\n\t\t<div class=\"row rutas\"> \n\t\t\t<div class=\"col-sm-6\"><div>\n<p><a href=\"https:\/\/bicisenruta.com\/en\/route\/trans-euskal-herria-btt\/\"><figure><img decoding=\"async\" src=\"https:\/\/bicisenruta.com\/wp-content\/uploads\/2022\/09\/TransEuskalHerria-BTT-2-BICIS-EN-RUTA-1170x650-1-550x305.jpg\" alt=\"\"><\/figure><\/a><p>\n<\/div>\n\n<div>\n  \n<p class=\"zona\">Euskadi \n\/\n Euskal Herria<\/p>\n  \n<h2><a href=\"https:\/\/bicisenruta.com\/en\/route\/trans-euskal-herria-btt\/\">Trans Euskal Herria BTT<\/a><\/h2>\n  \n<p class=\"fecha\"><\/p>\n  \n<p class=\"fecha\"><\/p>\n  \n<p class=\"tipologia\">DURATION: <span class=\"duracion\">from 15 to 30 days<\/span> <span class=\"separador\">|<\/span> <a target=\"_blank\" title=\"Descargar informaci\u00f3n de niveles.\" href=\"\/wp-content\/uploads\/2018\/05\/clasificacion_esp.pdf\" rel=\"noopener\">LEVEL:  <span class=\"nivel\">\n\n\n\n\n<i class=\"fa fa-circle\" style=\"color: #f4b900;\" aria-hidden=\"true\"><\/i><i class=\"fa fa-circle\" style=\"color: #f4b900;\" aria-hidden=\"true\"><\/i><i class=\"fa fa-circle\" style=\"color: #f4b900;\" aria-hidden=\"true\"><\/i><i class=\"fa fa-circle\" style=\"color: #f4b900;\" aria-hidden=\"true\"><\/i>\n\n<\/a>  \n<\/span><br>MODALITY:  <span class=\"modalidad\">MTB<\/span><br>CATEGORY:  <span class=\"categoria-ruta\">Travel<\/span><\/p>\n\n<p class=\"resumen\">Discover the most remote rural environments of the Basque Country through the Trans Euskal Herria BTT. A longer and more challenging itinerary than the Trans Euskal Herria cyclotourism that passes through some of the most beautiful and unknown landscapes of the North.<\/p>\n\n\n<p class=\"boton-informacion\"><a href=\"https:\/\/bicisenruta.com\/en\/route\/trans-euskal-herria-btt\/\">INFORMATION<\/a><\/p>\n  \n<\/div>\n<\/div>\n      \t\t\n\t\t\n\t\t\t<div class=\"col-sm-6\"><div>\n<p><a href=\"https:\/\/bicisenruta.com\/en\/route\/trans-euskal-herria-cycle-touring\/\"><figure><img decoding=\"async\" src=\"https:\/\/bicisenruta.com\/wp-content\/uploads\/2016\/05\/Trans-Euskal-Herria-cicloturismo-Kortezubi-1170x650-copia-550x306.jpg\" alt=\"Trans Euskal Herria cicloturismo Urdaibai 2|BIKING THROUGH SPAIN\"><\/figure><\/a><p>\n<\/div>\n\n<div>\n  \n<p class=\"zona\">Euskadi \n\/\n Euskal Herria<\/p>\n  \n<h2><a href=\"https:\/\/bicisenruta.com\/en\/route\/trans-euskal-herria-cycle-touring\/\">Trans Euskal Herria cycle touring<\/a><\/h2>\n  \n<p class=\"fecha\"><\/p>\n  \n<p class=\"fecha\"><\/p>\n  \n<p class=\"tipologia\">DURATION: <span class=\"duracion\">15 days<\/span> <span class=\"separador\">|<\/span> <a target=\"_blank\" title=\"Descargar informaci\u00f3n de niveles.\" href=\"\/wp-content\/uploads\/2018\/05\/clasificacion_esp.pdf\" rel=\"noopener\">LEVEL:  <span class=\"nivel\">\n\n\n<i class=\"fa fa-circle\" style=\"color: #f4b900;\" aria-hidden=\"true\"><\/i><i class=\"fa fa-circle\" style=\"color: #f4b900;\" aria-hidden=\"true\"><\/i><i class=\"fa fa-circle\" aria-hidden=\"true\"><\/i><i class=\"fa fa-circle\" aria-hidden=\"true\"><\/i>\n\n\n\n<\/a>  \n<\/span><br>MODALITY:  <span class=\"modalidad\">Cyclotourism<\/span><br>CATEGORY:  <span class=\"categoria-ruta\">Travel<\/span><\/p>\n\n<p class=\"resumen\">Trans Euskal Herria cycling tourism is more than a cycling adventure. It is a unique opportunity to get to know the art, traditions, gastronomy and unique landscapes of the Basque geography.<\/p>\n\n\n<p class=\"boton-informacion\"><a href=\"https:\/\/bicisenruta.com\/en\/route\/trans-euskal-herria-cycle-touring\/\">INFORMATION<\/a><\/p>\n  \n<\/div>\n<\/div>\n\t\t<\/div>\n          \n\t\t\n\t\t<div class=\"row rutas\"> \n\t\t\t<div class=\"col-sm-6\"><div>\n<p><a href=\"https:\/\/bicisenruta.com\/en\/route\/zafan-greenway-by-bicycle\/\"><figure><img decoding=\"async\" src=\"https:\/\/bicisenruta.com\/wp-content\/uploads\/2019\/02\/BICIS-EN-RUTA.-Via-del-Zafan.-Valjunquera-1170x650-550x306.jpg\" alt=\"\"><\/figure><\/a><p>\n<\/div>\n\n<div>\n  \n<p class=\"zona\">Catalonia<\/p>\n  \n<h2><a href=\"https:\/\/bicisenruta.com\/en\/route\/zafan-greenway-by-bicycle\/\">Zaf\u00e1n Greenway by bicycle<\/a><\/h2>\n  \n<p class=\"fecha\"><\/p>\n  \n<p class=\"fecha\"><\/p>\n  \n<p class=\"tipologia\">DURATION: <span class=\"duracion\">2 days<\/span> <span class=\"separador\">|<\/span> <a target=\"_blank\" title=\"Descargar informaci\u00f3n de niveles.\" href=\"\/wp-content\/uploads\/2018\/05\/clasificacion_esp.pdf\" rel=\"noopener\">LEVEL:  <span class=\"nivel\">\n\n\n<i class=\"fa fa-circle\" style=\"color: #f4b900;\" aria-hidden=\"true\"><\/i><i class=\"fa fa-circle\" style=\"color: #f4b900;\" aria-hidden=\"true\"><\/i><i class=\"fa fa-circle\" aria-hidden=\"true\"><\/i><i class=\"fa fa-circle\" aria-hidden=\"true\"><\/i>\n\n\n\n<\/a>  \n<\/span><br>MODALITY:  <span class=\"modalidad\">Cyclotourism<\/span><br>CATEGORY:  <span class=\"categoria-ruta\"><\/span><\/p>\n\n<p class=\"resumen\">The Zafan Greenway by bicycle runs from near Alca\u00f1iz to Tortosa through the Matarranya and the Parc dels Ports de Beseit.<\/p>\n\n\n<p class=\"boton-informacion\"><a href=\"https:\/\/bicisenruta.com\/en\/route\/zafan-greenway-by-bicycle\/\">INFORMATION<\/a><\/p>\n  \n<\/div>\n<\/div>\n      \t\t\n\t\t\n\t\t\t<div class=\"col-sm-6\"><div>\n<p><a href=\"https:\/\/bicisenruta.com\/en\/route\/camino-de-santiago-by-bike-french-way\/\"><figure><img decoding=\"async\" src=\"https:\/\/bicisenruta.com\/wp-content\/uploads\/2016\/05\/BikingThroughSpain_Camino_Santiago_Frances_7-550x306.jpg\" alt=\"\"><\/figure><\/a><p>\n<\/div>\n\n<div>\n  \n<p class=\"zona\">Road to Santiago<\/p>\n  \n<h2><a href=\"https:\/\/bicisenruta.com\/en\/route\/camino-de-santiago-by-bike-french-way\/\">Camino de Santiago by Bike: French Way<\/a><\/h2>\n  \n<p class=\"fecha\"><\/p>\n  \n<p class=\"fecha\"><\/p>\n  \n<p class=\"tipologia\">DURATION: <span class=\"duracion\">15 days<\/span> <span class=\"separador\">|<\/span> <a target=\"_blank\" title=\"Descargar informaci\u00f3n de niveles.\" href=\"\/wp-content\/uploads\/2018\/05\/clasificacion_esp.pdf\" rel=\"noopener\">LEVEL:  <span class=\"nivel\">\n\n\n<i class=\"fa fa-circle\" style=\"color: #f4b900;\" aria-hidden=\"true\"><\/i><i class=\"fa fa-circle\" style=\"color: #f4b900;\" aria-hidden=\"true\"><\/i><i class=\"fa fa-circle\" aria-hidden=\"true\"><\/i><i class=\"fa fa-circle\" aria-hidden=\"true\"><\/i>\n\n\n\n<\/a>  \n<\/span><br>MODALITY:  <span class=\"modalidad\">Cyclotourism \n\/\n MTB<\/span><br>CATEGORY:  <span class=\"categoria-ruta\">Travel<\/span><\/p>\n\n<p class=\"resumen\">Our most classic and popular route to Santiago, the Camino de Santiago by bike French Way. The best way to fully enjoy this route is to do it outside the summer months to avoid the crowds and thus discover all the charms of a road traveled by thousands of people.<\/p>\n\n\n<p class=\"boton-informacion\"><a href=\"https:\/\/bicisenruta.com\/en\/route\/camino-de-santiago-by-bike-french-way\/\">INFORMATION<\/a><\/p>\n  \n<\/div>\n<\/div>\n\t\t<\/div>\n          \n\t\t\n\t\t<div class=\"row rutas\"> \n\t\t\t<div class=\"col-sm-6\"><div>\n<p><a href=\"https:\/\/bicisenruta.com\/en\/route\/cycling-route-through-the-alt-emporda-between-sea-and-mountains\/\"><figure><img decoding=\"async\" src=\"https:\/\/bicisenruta.com\/wp-content\/uploads\/2018\/06\/BikingThroughSpain_Emporda_entre_mar_y_montana_12-550x306.jpg\" alt=\"\"><\/figure><\/a><p>\n<\/div>\n\n<div>\n  \n<p class=\"zona\">Catalonia<\/p>\n  \n<h2><a href=\"https:\/\/bicisenruta.com\/en\/route\/cycling-route-through-the-alt-emporda-between-sea-and-mountains\/\">Cycling route through the Alt Empord\u00e0: between sea and mountains<\/a><\/h2>\n  \n<p class=\"fecha\"><\/p>\n  \n<p class=\"fecha\"><\/p>\n  \n<p class=\"tipologia\">DURATION: <span class=\"duracion\">3 days<\/span> <span class=\"separador\">|<\/span> <a target=\"_blank\" title=\"Descargar informaci\u00f3n de niveles.\" href=\"\/wp-content\/uploads\/2018\/05\/clasificacion_esp.pdf\" rel=\"noopener\">LEVEL:  <span class=\"nivel\">\n\n\n\n<i class=\"fa fa-circle\" style=\"color: #f4b900;\" aria-hidden=\"true\"><\/i><i class=\"fa fa-circle\" style=\"color: #f4b900;\" aria-hidden=\"true\"><\/i><i class=\"fa fa-circle\" style=\"color: #f4b900;\" aria-hidden=\"true\"><\/i><i class=\"fa fa-circle\" aria-hidden=\"true\"><\/i>\n\n\n<\/a>  \n<\/span><br>MODALITY:  <span class=\"modalidad\">Cyclotourism \n\/\n MTB<\/span><br>CATEGORY:  <span class=\"categoria-ruta\">Travel<\/span><\/p>\n\n<p class=\"resumen\">The cycling route through the Alt Empord\u00e0 awaits you with a route of varied environments and spectacular landscapes that are divided between two protected natural areas: the Cap de Creus and the Sierra de les Alberes. With all the ingredients to enjoy and immerse yourself in the magic of the spaces that have inspired many artists and writers.<\/p>\n\n\n<p class=\"boton-informacion\"><a href=\"https:\/\/bicisenruta.com\/en\/route\/cycling-route-through-the-alt-emporda-between-sea-and-mountains\/\">INFORMATION<\/a><\/p>\n  \n<\/div>\n<\/div>\n      \t\t\n\t\t\n\t\t\t<div class=\"col-sm-6\"><div>\n<p><a href=\"https:\/\/bicisenruta.com\/en\/route\/camino-de-santiago-by-bike-camino-del-norte-north-way\/\"><figure><img decoding=\"async\" src=\"https:\/\/bicisenruta.com\/wp-content\/uploads\/2016\/05\/BikingThroughSpain_Camino_Santiago_Norte_3-550x306.jpg\" alt=\"Camino de Santiago en bici Ruta Norte 1 costa asturiana| BIKINGTHROUGHSPAIN\"><\/figure><\/a><p>\n<\/div>\n\n<div>\n  \n<p class=\"zona\">Road to Santiago<\/p>\n  \n<h2><a href=\"https:\/\/bicisenruta.com\/en\/route\/camino-de-santiago-by-bike-camino-del-norte-north-way\/\">Camino de Santiago by Bike: Camino del Norte (North Way)<\/a><\/h2>\n  \n<p class=\"fecha\"><\/p>\n  \n<p class=\"fecha\"><\/p>\n  \n<p class=\"tipologia\">DURATION: <span class=\"duracion\">15 days<\/span> <span class=\"separador\">|<\/span> <a target=\"_blank\" title=\"Descargar informaci\u00f3n de niveles.\" href=\"\/wp-content\/uploads\/2018\/05\/clasificacion_esp.pdf\" rel=\"noopener\">LEVEL:  <span class=\"nivel\">\n\n\n\n<i class=\"fa fa-circle\" style=\"color: #f4b900;\" aria-hidden=\"true\"><\/i><i class=\"fa fa-circle\" style=\"color: #f4b900;\" aria-hidden=\"true\"><\/i><i class=\"fa fa-circle\" style=\"color: #f4b900;\" aria-hidden=\"true\"><\/i><i class=\"fa fa-circle\" aria-hidden=\"true\"><\/i>\n\n\n<\/a>  \n<\/span><br>MODALITY:  <span class=\"modalidad\">Cyclotourism \n\/\n MTB<\/span><br>CATEGORY:  <span class=\"categoria-ruta\">Travel<\/span><\/p>\n\n<p class=\"resumen\">Camino de Santiago by bike Northern Route is a variant of the Camino more physically demanding than the French section, and slightly less traveled. Mountainous and solitary landscapes await you in a more intense experience.<\/p>\n\n\n<p class=\"boton-informacion\"><a href=\"https:\/\/bicisenruta.com\/en\/route\/camino-de-santiago-by-bike-camino-del-norte-north-way\/\">INFORMATION<\/a><\/p>\n  \n<\/div>\n<\/div>\n\t\t<\/div>\n          \n\t\t\n\t\t<div class=\"row rutas\"> \n\t\t\t<div class=\"col-sm-6\"><div>\n<p><a href=\"https:\/\/bicisenruta.com\/en\/route\/camino-de-santiago-by-bike-the-silver-route\/\"><figure><img decoding=\"async\" src=\"https:\/\/bicisenruta.com\/wp-content\/uploads\/2016\/05\/BikingThroughSpain_Camino_Santiago_Ruta_de_la_Plata_6-550x306.jpg\" alt=\"\"><\/figure><\/a><p>\n<\/div>\n\n<div>\n  \n<p class=\"zona\">Road to Santiago<\/p>\n  \n<h2><a href=\"https:\/\/bicisenruta.com\/en\/route\/camino-de-santiago-by-bike-the-silver-route\/\">Camino de Santiago by Bike: the Silver Route<\/a><\/h2>\n  \n<p class=\"fecha\"><\/p>\n  \n<p class=\"fecha\"><\/p>\n  \n<p class=\"tipologia\">DURATION: <span class=\"duracion\">15 days<\/span> <span class=\"separador\">|<\/span> <a target=\"_blank\" title=\"Descargar informaci\u00f3n de niveles.\" href=\"\/wp-content\/uploads\/2018\/05\/clasificacion_esp.pdf\" rel=\"noopener\">LEVEL:  <span class=\"nivel\">\n\n\n\n<i class=\"fa fa-circle\" style=\"color: #f4b900;\" aria-hidden=\"true\"><\/i><i class=\"fa fa-circle\" style=\"color: #f4b900;\" aria-hidden=\"true\"><\/i><i class=\"fa fa-circle\" style=\"color: #f4b900;\" aria-hidden=\"true\"><\/i><i class=\"fa fa-circle\" aria-hidden=\"true\"><\/i>\n\n\n<\/a>  \n<\/span><br>MODALITY:  <span class=\"modalidad\">Cyclotourism \n\/\n MTB<\/span><br>CATEGORY:  <span class=\"categoria-ruta\">Travel<\/span><\/p>\n\n<p class=\"resumen\">Discover the Camino de Santiago by bike: Ruta la Plata. A journey along the ancient Roman road that linked the villages of the north and south of the peninsula with this route full of history and exceptional landscapes.<\/p>\n\n\n<p class=\"boton-informacion\"><a href=\"https:\/\/bicisenruta.com\/en\/route\/camino-de-santiago-by-bike-the-silver-route\/\">INFORMATION<\/a><\/p>\n  \n<\/div>\n<\/div>\n      \t\t\n\t\t\n\t\t\t<div class=\"col-sm-6\"><div>\n<p><a href=\"https:\/\/bicisenruta.com\/en\/route\/integral-cycling-route-through-the-emporda-region\/\"><figure><img decoding=\"async\" src=\"https:\/\/bicisenruta.com\/wp-content\/uploads\/2016\/05\/BikingThroughSpain_Emporda_Integral_1-550x306.jpg\" alt=\"Ruta ciclista integral por el Emporda Aiguamolls | BIKING THROUGH SPAIN\"><\/figure><\/a><p>\n<\/div>\n\n<div>\n  \n<p class=\"zona\">Catalonia<\/p>\n  \n<h2><a href=\"https:\/\/bicisenruta.com\/en\/route\/integral-cycling-route-through-the-emporda-region\/\">Integral cycling route through the Empord\u00e0 region<\/a><\/h2>\n  \n<p class=\"fecha\"><\/p>\n  \n<p class=\"fecha\"><\/p>\n  \n<p class=\"tipologia\">DURATION: <span class=\"duracion\">7 days<\/span> <span class=\"separador\">|<\/span> <a target=\"_blank\" title=\"Descargar informaci\u00f3n de niveles.\" href=\"\/wp-content\/uploads\/2018\/05\/clasificacion_esp.pdf\" rel=\"noopener\">LEVEL:  <span class=\"nivel\">\n\n\n<i class=\"fa fa-circle\" style=\"color: #f4b900;\" aria-hidden=\"true\"><\/i><i class=\"fa fa-circle\" style=\"color: #f4b900;\" aria-hidden=\"true\"><\/i><i class=\"fa fa-circle\" aria-hidden=\"true\"><\/i><i class=\"fa fa-circle\" aria-hidden=\"true\"><\/i>\n\n\n\n<\/a>  \n<\/span><br>MODALITY:  <span class=\"modalidad\">Cyclotourism \n\/\n MTB<\/span><br>CATEGORY:  <span class=\"categoria-ruta\">Travel<\/span><\/p>\n\n<p class=\"resumen\">The integral cycling route through the Emporda offers a complete view of the region passing through its most emblematic medieval villages, the Aiguamolls de l&#8217;Empord\u00e0, Cap de Creus, Cadaqu\u00e9s and the Monastery of Sant Pere de Roda. Finally, we will cross the border through the Alberas mountain range to reach the attractive town of Colliure.<\/p>\n\n\n<p class=\"boton-informacion\"><a href=\"https:\/\/bicisenruta.com\/en\/route\/integral-cycling-route-through-the-emporda-region\/\">INFORMATION<\/a><\/p>\n  \n<\/div>\n<\/div>\n\t\t<\/div>\n          \n\t\t\n\t\t<div class=\"row rutas\"> \n\t\t\t<div class=\"col-sm-6\"><div>\n<p><a href=\"https:\/\/bicisenruta.com\/en\/route\/albera-natural-park-by-bicycle\/\"><figure><img decoding=\"async\" src=\"https:\/\/bicisenruta.com\/wp-content\/uploads\/2017\/09\/Alberes-Castell-de-Requesens-1170x650_BIKING-THROUGH-SPAIN-550x306.jpg\" alt=\"Albera en bicicleta Requesens 2|BIKING THROUGH SPAIN\"><\/figure><\/a><p>\n<\/div>\n\n<div>\n  \n<p class=\"zona\">Catalonia \n\/\n Pyrenees<\/p>\n  \n<h2><a href=\"https:\/\/bicisenruta.com\/en\/route\/albera-natural-park-by-bicycle\/\">Albera Natural Park by bicycle<\/a><\/h2>\n  \n<p class=\"fecha\"><\/p>\n  \n<p class=\"fecha\"><\/p>\n  \n<p class=\"tipologia\">DURATION: <span class=\"duracion\">2 days<\/span> <span class=\"separador\">|<\/span> <a target=\"_blank\" title=\"Descargar informaci\u00f3n de niveles.\" href=\"\/wp-content\/uploads\/2018\/05\/clasificacion_esp.pdf\" rel=\"noopener\">LEVEL:  <span class=\"nivel\">\n\n\n<i class=\"fa fa-circle\" style=\"color: #f4b900;\" aria-hidden=\"true\"><\/i><i class=\"fa fa-circle\" style=\"color: #f4b900;\" aria-hidden=\"true\"><\/i><i class=\"fa fa-circle\" aria-hidden=\"true\"><\/i><i class=\"fa fa-circle\" aria-hidden=\"true\"><\/i>\n\n\n\n<\/a>  \n<\/span><br>MODALITY:  <span class=\"modalidad\">MTB<\/span><br>CATEGORY:  <span class=\"categoria-ruta\">Travel<\/span><\/p>\n\n<p class=\"resumen\">The routes through the Albera Natural Park by bicycle represent a stimulating and fun proposal to discover one of the least known areas of the eastern Pyrenees. It is an area of great natural and scenic interest where the last populations of Mediterranean tortoises of the Iberian Peninsula survive. A space that preserves a rich vegetation, with beech and oak&#8230;<\/p>\n\n\n<p class=\"boton-informacion\"><a href=\"https:\/\/bicisenruta.com\/en\/route\/albera-natural-park-by-bicycle\/\">INFORMATION<\/a><\/p>\n  \n<\/div>\n<\/div>\n      \t\t\n\t\t\n\t\t\t<div class=\"col-sm-6\"><div>\n<p><a href=\"https:\/\/bicisenruta.com\/en\/route\/the-trans-pyrenees-mtb-challenge\/\"><figure><img decoding=\"async\" src=\"https:\/\/bicisenruta.com\/wp-content\/uploads\/2017\/08\/Biking-Through-Spain-Irati5-550x306.jpg\" alt=\"Bosque de Irati en bicicleta Tapla| BIKING THROUGH SPAIN\"><\/figure><\/a><p>\n<\/div>\n\n<div>\n  \n<p class=\"zona\">Pyrenees<\/p>\n  \n<h2><a href=\"https:\/\/bicisenruta.com\/en\/route\/the-trans-pyrenees-mtb-challenge\/\">The Trans-Pyrenees MTB Challenge<\/a><\/h2>\n  \n<p class=\"fecha\"><\/p>\n  \n<p class=\"fecha\"><\/p>\n  \n<p class=\"tipologia\">DURATION: <span class=\"duracion\">18 days<\/span> <span class=\"separador\">|<\/span> <a target=\"_blank\" title=\"Descargar informaci\u00f3n de niveles.\" href=\"\/wp-content\/uploads\/2018\/05\/clasificacion_esp.pdf\" rel=\"noopener\">LEVEL:  <span class=\"nivel\">\n\n\n\n\n<i class=\"fa fa-circle\" style=\"color: #f4b900;\" aria-hidden=\"true\"><\/i><i class=\"fa fa-circle\" style=\"color: #f4b900;\" aria-hidden=\"true\"><\/i><i class=\"fa fa-circle\" style=\"color: #f4b900;\" aria-hidden=\"true\"><\/i><i class=\"fa fa-circle\" style=\"color: #f4b900;\" aria-hidden=\"true\"><\/i>\n\n<\/a>  \n<\/span><br>MODALITY:  <span class=\"modalidad\">MTB<\/span><br>CATEGORY:  <span class=\"categoria-ruta\">Travel<\/span><\/p>\n\n<p class=\"resumen\">The Transpirenaica on MTB is one of our most physically demanding routes, but with the reward of pedaling along the highest ridges of the Pyrenean chain that provides indescribable emotions and spectacular views.<\/p>\n\n\n<p class=\"boton-informacion\"><a href=\"https:\/\/bicisenruta.com\/en\/route\/the-trans-pyrenees-mtb-challenge\/\">INFORMATION<\/a><\/p>\n  \n<\/div>\n<\/div>\n\t\t<\/div>\n          \n\t\t\n\t\t<div class=\"row rutas\"> \n\t\t\t<div class=\"col-sm-6\"><div>\n<p><a href=\"https:\/\/bicisenruta.com\/en\/route\/collsacabra-by-bicycle\/\"><figure><img decoding=\"async\" src=\"https:\/\/bicisenruta.com\/wp-content\/uploads\/2019\/09\/Collsacabra-3.-Collsacabra-en-bicicleta.BICIS-EN-RUTA.-1170X650-550x305.jpg\" alt=\"\"><\/figure><\/a><p>\n<\/div>\n\n<div>\n  \n<p class=\"zona\">Catalonia \n\/\n Pyrenees<\/p>\n  \n<h2><a href=\"https:\/\/bicisenruta.com\/en\/route\/collsacabra-by-bicycle\/\">Collsacabra by bicycle<\/a><\/h2>\n  \n<p class=\"fecha\"><\/p>\n  \n<p class=\"fecha\"><\/p>\n  \n<p class=\"tipologia\">DURATION: <span class=\"duracion\">2 days<\/span> <span class=\"separador\">|<\/span> <a target=\"_blank\" title=\"Descargar informaci\u00f3n de niveles.\" href=\"\/wp-content\/uploads\/2018\/05\/clasificacion_esp.pdf\" rel=\"noopener\">LEVEL:  <span class=\"nivel\">\n\n\n\n<i class=\"fa fa-circle\" style=\"color: #f4b900;\" aria-hidden=\"true\"><\/i><i class=\"fa fa-circle\" style=\"color: #f4b900;\" aria-hidden=\"true\"><\/i><i class=\"fa fa-circle\" style=\"color: #f4b900;\" aria-hidden=\"true\"><\/i><i class=\"fa fa-circle\" aria-hidden=\"true\"><\/i>\n\n\n<\/a>  \n<\/span><br>MODALITY:  <span class=\"modalidad\">Cyclotourism \n\/\n MTB<\/span><br>CATEGORY:  <span class=\"categoria-ruta\">Travel<\/span><\/p>\n\n<p class=\"resumen\">The Collsacabra route by bicycle crosses the Natural Areas of Guilleries &#8211; Savassona that make up a particularly attractive landscape. It is a vast territory covered with deep forests and high cliffs that support the high plateau of Collsacabra. The cliffs to the south produced by the Ter are occupied by the Sau and Susqueda reservoirs.<\/p>\n\n\n<p class=\"boton-informacion\"><a href=\"https:\/\/bicisenruta.com\/en\/route\/collsacabra-by-bicycle\/\">INFORMATION<\/a><\/p>\n  \n<\/div>\n<\/div>\n      \t\t\n\t\t\n\t\t\t<div class=\"col-sm-6\"><div>\n<p><a href=\"https:\/\/bicisenruta.com\/en\/route\/romanesque-and-cantabrian-palencian-mountains\/\"><figure><img decoding=\"async\" src=\"\" alt=\"\"><\/figure><\/a><p>\n<\/div>\n\n<div>\n  \n<p class=\"zona\">Morocco<\/p>\n  \n<h2><a href=\"https:\/\/bicisenruta.com\/en\/route\/romanesque-and-cantabrian-palencian-mountains\/\">Romanesque and Cantabrian-Palencian mountains<\/a><\/h2>\n  \n<p class=\"fecha\"><\/p>\n  \n<p class=\"fecha\"><\/p>\n  \n<p class=\"tipologia\">DURATION: <span class=\"duracion\">6 days<\/span> <span class=\"separador\">|<\/span> <a target=\"_blank\" title=\"Descargar informaci\u00f3n de niveles.\" href=\"\/wp-content\/uploads\/2018\/05\/clasificacion_esp.pdf\" rel=\"noopener\">LEVEL:  <span class=\"nivel\">\n\n\n<i class=\"fa fa-circle\" style=\"color: #f4b900;\" aria-hidden=\"true\"><\/i><i class=\"fa fa-circle\" style=\"color: #f4b900;\" aria-hidden=\"true\"><\/i><i class=\"fa fa-circle\" aria-hidden=\"true\"><\/i><i class=\"fa fa-circle\" aria-hidden=\"true\"><\/i>\n\n\n\n<\/a>  \n<\/span><br>MODALITY:  <span class=\"modalidad\">MTB<\/span><br>CATEGORY:  <span class=\"categoria-ruta\">Travel<\/span><\/p>\n\n<p class=\"resumen\">The mountain bike trip through the mountains and Romanesque churches of the Cantabria-Palencia area is an immersion in two important Natural Parks and in one of the most unknown areas of medieval pilgrimage.<\/p>\n\n\n<p class=\"boton-informacion\"><a href=\"https:\/\/bicisenruta.com\/en\/route\/romanesque-and-cantabrian-palencian-mountains\/\">INFORMATION<\/a><\/p>\n  \n<\/div>\n<\/div>\n\t\t<\/div>\n          \n\t\n    \n\n<\/div><\/div>\n\t\t\t\t\t\t<\/div>\n\t\t\t\t<\/div>\n\t\t\t\t\t<\/div>\n\t\t<\/div>\n\t\t\t\t\t<\/div>\n\t\t<\/section>\n\t\t\t\t<\/div>\n\t\t","protected":false},"excerpt":{"rendered":"<p>Live an incredible experience with our bicycle routes Cycle routes and mountain bike routes through the most spectacular landscapes in Europe Scheduled routes and routes adapted for cycling groups and clubs Cyclotourism Road MTB<\/p>\n","protected":false},"author":2,"featured_media":24261,"parent":0,"menu_order":2,"comment_status":"closed","ping_status":"closed","template":"elementor_header_footer","meta":{"site-sidebar-layout":"no-sidebar","site-content-layout":"page-builder","ast-site-content-layout":"default","site-content-style":"default","site-sidebar-style":"default","ast-global-header-display":"","ast-banner-title-visibility":"","ast-main-header-display":"","ast-hfb-above-header-display":"","ast-hfb-below-header-display":"","ast-hfb-mobile-header-display":"","site-post-title":"disabled","ast-breadcrumbs-content":"","ast-featured-img":"disabled","footer-sml-layout":"","ast-disable-related-posts":"","theme-transparent-header-meta":"default","adv-header-id-meta":"","stick-header-meta":"default","header-above-stick-meta":"","header-main-stick-meta":"","header-below-stick-meta":"","astra-migrate-meta-layouts":"default","ast-page-background-enabled":"default","ast-page-background-meta":{"desktop":{"background-color":"","background-image":"","background-repeat":"repeat","background-position":"center center","background-size":"auto","background-attachment":"scroll","background-type":"","background-media":"","overlay-type":"","overlay-color":"","overlay-opacity":"","overlay-gradient":""},"tablet":{"background-color":"","background-image":"","background-repeat":"repeat","background-position":"center center","background-size":"auto","background-attachment":"scroll","background-type":"","background-media":"","overlay-type":"","overlay-color":"","overlay-opacity":"","overlay-gradient":""},"mobile":{"background-color":"","background-image":"","background-repeat":"repeat","background-position":"center center","background-size":"auto","background-attachment":"scroll","background-type":"","background-media":"","overlay-type":"","overlay-color":"","overlay-opacity":"","overlay-gradient":""}},"ast-content-background-meta":{"desktop":{"background-color":"var(--ast-global-color-5)","background-image":"","background-repeat":"repeat","background-position":"center center","background-size":"auto","background-attachment":"scroll","background-type":"","background-media":"","overlay-type":"","overlay-color":"","overlay-opacity":"","overlay-gradient":""},"tablet":{"background-color":"var(--ast-global-color-5)","background-image":"","background-repeat":"repeat","background-position":"center center","background-size":"auto","background-attachment":"scroll","background-type":"","background-media":"","overlay-type":"","overlay-color":"","overlay-opacity":"","overlay-gradient":""},"mobile":{"background-color":"var(--ast-global-color-5)","background-image":"","background-repeat":"repeat","background-position":"center center","background-size":"auto","background-attachment":"scroll","background-type":"","background-media":"","overlay-type":"","overlay-color":"","overlay-opacity":"","overlay-gradient":""}},"footnotes":""},"class_list":["post-24453","page","type-page","status-publish","has-post-thumbnail","hentry"],"_links":{"self":[{"href":"https:\/\/bicisenruta.com\/en\/wp-json\/wp\/v2\/pages\/24453","targetHints":{"allow":["GET"]}}],"collection":[{"href":"https:\/\/bicisenruta.com\/en\/wp-json\/wp\/v2\/pages"}],"about":[{"href":"https:\/\/bicisenruta.com\/en\/wp-json\/wp\/v2\/types\/page"}],"author":[{"embeddable":true,"href":"https:\/\/bicisenruta.com\/en\/wp-json\/wp\/v2\/users\/2"}],"replies":[{"embeddable":true,"href":"https:\/\/bicisenruta.com\/en\/wp-json\/wp\/v2\/comments?post=24453"}],"version-history":[{"count":1,"href":"https:\/\/bicisenruta.com\/en\/wp-json\/wp\/v2\/pages\/24453\/revisions"}],"predecessor-version":[{"id":24454,"href":"https:\/\/bicisenruta.com\/en\/wp-json\/wp\/v2\/pages\/24453\/revisions\/24454"}],"wp:featuredmedia":[{"embeddable":true,"href":"https:\/\/bicisenruta.com\/en\/wp-json\/wp\/v2\/media\/24261"}],"wp:attachment":[{"href":"https:\/\/bicisenruta.com\/en\/wp-json\/wp\/v2\/media?parent=24453"}],"curies":[{"name":"wp","href":"https:\/\/api.w.org\/{rel}","templated":true}]}}